{"id":1946,"date":"2023-03-20T16:35:45","date_gmt":"2023-03-20T15:35:45","guid":{"rendered":"https:\/\/parier-presidentielle.com\/?page_id=1946"},"modified":"2023-06-02T11:23:14","modified_gmt":"2023-06-02T09:23:14","slug":"joe-biden-cannabis-hhc","status":"publish","type":"page","link":"https:\/\/parier-presidentielle.com\/hu\/joe-biden-cannabis-hhc\/","title":{"rendered":"Joe Biden \u00e9s a kannabiszpiac, HHC"},"content":{"rendered":"<h2 class=\"wp-block-heading\"><span id=\"l8217arrivee-de-joe-biden-sur-le-marche-du-cannabis-et-de-l8217hhc-aux-etats-unis-un-nouvel-espoir-pour-les-consommateurs-et-les-entrepreneurs\">Joe Biden \u00e9rkez\u00e9se a kannabisz \u00e9s a HHC piacra az Egyes\u00fclt \u00c1llamokban: \u00faj rem\u00e9ny a fogyaszt\u00f3k \u00e9s a v\u00e1llalkoz\u00f3k sz\u00e1m\u00e1ra<\/span><\/h2>\n\n\n\n<p>A kannabisz \u00e9s a kannabinoid piac, mint <a href=\"https:\/\/wikihhc.com\/\">HHC<\/a> robban\u00e1sszer\u0171 n\u00f6veked\u00e9st tapasztalt az Egyes\u00fclt \u00c1llamokban az elm\u00falt \u00e9vekben. Egyre t\u00f6bb \u00e1llam legaliz\u00e1lja a kannabisz rekre\u00e1ci\u00f3s vagy ter\u00e1pi\u00e1s felhaszn\u00e1l\u00e1s\u00e1t, \u00e9s egyre t\u00f6bb fogyaszt\u00f3 fordul a kannabinoid term\u00e9kekhez k\u00fcl\u00f6nf\u00e9le betegs\u00e9gek kezel\u00e9s\u00e9re. Az Egyes\u00fclt \u00c1llamok sz\u00f6vets\u00e9gi kannabiszt\u00f6rv\u00e9nyei azonban tov\u00e1bbra is tiszt\u00e1zatlanok \u00e9s korl\u00e1toz\u00f3 jelleg\u0171ek, korl\u00e1tozva a v\u00e1llalkoz\u00f3k \u00e9s a fogyaszt\u00f3k hozz\u00e1f\u00e9r\u00e9s\u00e9t a vir\u00e1gz\u00f3 piac el\u0151nyeihez.<\/p>\n\n\n\n<p>Joe Biden amerikai eln\u00f6kk\u00e9 val\u00f3 \u00e9rkez\u00e9s\u00e9vel azonban a dolgok megv\u00e1ltozhatnak a kannabisz- \u00e9s a kannabinoidpiacon. Biden eln\u00f6k kijelentette, hogy t\u00e1mogatja a kannabisz gy\u00f3gy\u00e1szati c\u00e9l\u00fa legaliz\u00e1l\u00e1s\u00e1t, de nem t\u00e1mogatja annak rekre\u00e1ci\u00f3s c\u00e9l\u00fa legaliz\u00e1l\u00e1s\u00e1t. Korm\u00e1nyzata azonban m\u00e1r tett l\u00e9p\u00e9seket a kannabinoidkutat\u00e1s lehet\u0151v\u00e9 t\u00e9tele \u00e9rdek\u00e9ben, ami az els\u0151 l\u00e9p\u00e9s lehet a sz\u00e9lesebb k\u00f6r\u0171 legaliz\u00e1l\u00e1s fel\u00e9.<\/p>\n\n\n\n<h2 class=\"wp-block-heading\"><span id=\"la-legalisation-du-cannabis-un-enjeu-economique\">A kannabisz legaliz\u00e1l\u00e1sa: gazdas\u00e1gi k\u00e9rd\u00e9s<\/span><\/h2>\n\n\n\n<p>A kannabisz gy\u00f3gy\u00e1szati \u00e9s rekre\u00e1ci\u00f3s c\u00e9l\u00fa legaliz\u00e1l\u00e1sa fontos gazdas\u00e1gi k\u00e9rd\u00e9s az Egyes\u00fclt \u00c1llamok sz\u00e1m\u00e1ra. Val\u00f3j\u00e1ban a kannabisz el\u0151\u00e1ll\u00edt\u00e1sa, forgalmaz\u00e1sa \u00e9s \u00e9rt\u00e9kes\u00edt\u00e9se jelent\u0151s bev\u00e9telt gener\u00e1lhat az \u00e1llamok sz\u00e1m\u00e1ra, mik\u00f6zben munkahelyeket teremt \u00e9s serkenti a helyi gazdas\u00e1got.<\/p>\n\n\n\n<h2 class=\"wp-block-heading\"><span id=\"les-obstacles-a-la-legalisation\">A legaliz\u00e1l\u00e1s akad\u00e1lyai<\/span><\/h2>\n\n\n\n<p>A kannabisz legaliz\u00e1l\u00e1sa azonban sz\u00e1mos akad\u00e1lyba \u00fctk\u00f6zik az Egyes\u00fclt \u00c1llamokban. A kannabiszra vonatkoz\u00f3 sz\u00f6vets\u00e9gi t\u00f6rv\u00e9nyek tov\u00e1bbra is hom\u00e1lyosak \u00e9s korl\u00e1toz\u00f3 jelleg\u0171ek, ami megnehez\u00edti a v\u00e1llalkoz\u00f3k sz\u00e1m\u00e1ra, hogy b\u0151v\u00edts\u00e9k v\u00e1llalkoz\u00e1sukat, \u00e9s a fogyaszt\u00f3k sz\u00e1m\u00e1ra neh\u00e9z min\u0151s\u00e9gi, biztons\u00e1gos term\u00e9kekhez jutni. Ezenk\u00edv\u00fcl a kannabisz megb\u00e9lyegz\u00e9se az amerikai t\u00e1rsadalomban megnehez\u00edtheti a hat\u00f3s\u00e1gok \u00e9s a v\u00e1laszt\u00f3k sz\u00e1m\u00e1ra a legaliz\u00e1l\u00e1s elfogad\u00e1s\u00e1t.<\/p>\n\n\n\n<h2 class=\"wp-block-heading\"><span id=\"les-avantages-potentiels-de-la-legalisation\">A legaliz\u00e1l\u00e1s lehets\u00e9ges el\u0151nyei<\/span><\/h2>\n\n\n\n<p>Ezen akad\u00e1lyok ellen\u00e9re a kannabisz \u00e9s a kannabinoidok legaliz\u00e1l\u00e1sa sz\u00e1mos el\u0151nnyel j\u00e1rhat az Egyes\u00fclt \u00c1llamok fogyaszt\u00f3i \u00e9s v\u00e1llalkoz\u00f3i sz\u00e1m\u00e1ra. A kannabinoid term\u00e9kek seg\u00edthetnek az olyan \u00e1llapotok kezel\u00e9s\u00e9ben, mint a kr\u00f3nikus f\u00e1jdalom, szorong\u00e1s, depresszi\u00f3 \u00e9s \u00e1lmatlans\u00e1g, ami amerikaiak milli\u00f3inak \u00e9letmin\u0151s\u00e9g\u00e9t jav\u00edthatja. Ezenk\u00edv\u00fcl a legaliz\u00e1l\u00e1s munkahelyeket teremthet a kannabisz\u00e1gazatban, \u00e9s serkentheti a helyi gazdas\u00e1got.<\/p>\n\n\n\n<h2 class=\"wp-block-heading\"><span id=\"la-position-de-joe-biden\">Joe Biden helyzete<\/span><\/h2>\n\n\n\n<p>Joe Biden \u00e1ll\u00e1spontja a kannabisz \u00e9s a kannabinoidok legaliz\u00e1l\u00e1s\u00e1val kapcsolatban \u00f6sszetett. B\u00e1r t\u00e1mogatja az orvosi c\u00e9l\u00fa legaliz\u00e1l\u00e1st, nem \u00e1llt ki a rekre\u00e1ci\u00f3s c\u00e9l\u00fa legaliz\u00e1l\u00e1s mellett. Korm\u00e1nyzata azonban m\u00e1r tett l\u00e9p\u00e9seket a kannabinoidkutat\u00e1s enged\u00e9lyez\u00e9se \u00e9rdek\u00e9ben, ami pozit\u00edv jel lehet a sz\u00e9lesebb k\u00f6r\u0171 legaliz\u00e1l\u00e1s t\u00e1mogat\u00f3i sz\u00e1m\u00e1ra.<\/p>\n\n\n\n<p>Ezen t\u00falmen\u0151en Joe Biden t\u00e1mogat\u00e1s\u00e1t fejezte ki a kannabisszal kapcsolatos b\u0171n\u00fcgyi nyilv\u00e1ntart\u00e1sok t\u00f6rl\u00e9s\u00e9t illet\u0151en, ami seg\u00edthet a kannabisszal kapcsolatos b\u0171ncselekm\u00e9nyek miatt jogtalanul el\u00edt\u00e9lt szem\u00e9lyeknek abban, hogy t\u00f6r\u00f6lj\u00e9k nyilv\u00e1ntart\u00e1saikat, \u00e9s es\u00e9ly\u00fck legyen \u00fajrakezdeni.<\/p>\n\n\n\n<h2 class=\"wp-block-heading\"><span id=\"l8217hhc-un-nouvel-espoir-pour-les-consommateurs\">HHC: \u00faj rem\u00e9ny a fogyaszt\u00f3k sz\u00e1m\u00e1ra<\/span><\/h2>\n\n\n\n<p>A kannabisz legaliz\u00e1l\u00e1sa mellett Joe Biden megjelen\u00e9se az Egyes\u00fclt \u00c1llamok kannabinoidpiac\u00e1ra a HHC, vagyis a delta-8-tetrahidrokannabinol megjelen\u00e9s\u00e9nek k\u00f6sz\u00f6nhet\u0151en \u00faj lehet\u0151s\u00e9geket is k\u00edn\u00e1lhat a fogyaszt\u00f3k sz\u00e1m\u00e1ra.<\/p>\n\n\n\n<p>A HHC egy kannabiszb\u00f3l sz\u00e1rmaz\u00f3 kannabinoid, amelynek hat\u00e1sai hasonl\u00f3ak a THC-hez, de leg\u00e1lis sok olyan \u00e1llamban, ahol a kannabisz tilos. A fogyaszt\u00f3k ez\u00e9rt \u00e9lvezhetik a HHC el\u0151nyeit an\u00e9lk\u00fcl, hogy a kannabiszhoz kapcsol\u00f3d\u00f3 jogi probl\u00e9m\u00e1k miatt agg\u00f3dn\u00e1nak.<\/p>\n\n\n\n<h2 class=\"wp-block-heading\"><span id=\"les-entrepreneurs-prets-a-saisir-les-opportunites\">V\u00e1llalkoz\u00f3k, akik k\u00e9szek megragadni a lehet\u0151s\u00e9geket<\/span><\/h2>\n\n\n\n<p>A kannabinoidpiac v\u00e1llalkoz\u00f3i k\u00e9szen \u00e1llnak arra is, hogy megragadj\u00e1k a Joe Biden piacra l\u00e9p\u00e9se k\u00edn\u00e1lta lehet\u0151s\u00e9geket. Sok c\u00e9g m\u00e1r dolgozik az alap\u00fa term\u00e9keken<a href=\"https:\/\/wikihhc.com\/france\/fleurs-hhc\/\"> a HHC, mint a vir\u00e1gok <\/a>, s\u0151t n\u00e9h\u00e1nyan a legaliz\u00e1lt kannabisz gy\u00f3gy\u00e1szati c\u00e9l\u00fa el\u0151\u00e1ll\u00edt\u00e1s\u00e1hoz is kezdtek fordulni.<\/p>\n\n\n\n<h2 class=\"wp-block-heading\"><span id=\"conclusion-un-nouvel-espoir-pour-les-consommateurs-et-les-entrepreneurs\">K\u00f6vetkeztet\u00e9s: \u00faj rem\u00e9ny a fogyaszt\u00f3k \u00e9s a v\u00e1llalkoz\u00f3k sz\u00e1m\u00e1ra<\/span><\/h2>\n\n\n\n<p>Joe Biden \u00e9rkez\u00e9se az Egyes\u00fclt \u00c1llamok kannabisz- \u00e9s kannabinoidpiac\u00e1ra \u00faj rem\u00e9nyt k\u00edn\u00e1l a fogyaszt\u00f3knak \u00e9s a v\u00e1llalkoz\u00f3knak. B\u00e1r Joe Biden \u00e1ll\u00e1spontja a rekre\u00e1ci\u00f3s c\u00e9l\u00fa kannabisz legaliz\u00e1l\u00e1s\u00e1val kapcsolatban nem egy\u00e9rtelm\u0171, a kannabinoidkutat\u00e1s \u00e9s a kannabisszal kapcsolatos b\u0171n\u00fcgyi nyilv\u00e1ntart\u00e1sok elt\u00f6rl\u00e9se \u00e9rdek\u00e9ben tett l\u00e9p\u00e9sei pozit\u00edv jelek a legaliz\u00e1l\u00e1s t\u00e1mogat\u00f3i sz\u00e1m\u00e1ra. Sz\u00e1mos webhely k\u00edn\u00e1l kedvezm\u00e9nyeket <a href=\"https:\/\/wikihhc.com\/site\/weecl\/code-promo-coupon-bon-de-reduction-weecl\/\">A CBD \u00e9s a HHC, mint a Weecl prom\u00f3ci\u00f3s k\u00f3dokkal<\/a>.<\/p>\n\n\n\n<p>Ezenk\u00edv\u00fcl a HHC megjelen\u00e9se \u00faj lehet\u0151s\u00e9geket k\u00edn\u00e1l a fogyaszt\u00f3k \u00e9s a v\u00e1llalkoz\u00f3k sz\u00e1m\u00e1ra, lehet\u0151v\u00e9 t\u00e9ve a fogyaszt\u00f3k sz\u00e1m\u00e1ra, hogy a kannabiszhoz kapcsol\u00f3d\u00f3 jogi probl\u00e9m\u00e1k n\u00e9lk\u00fcl \u00e9lvezhess\u00e9k a kannabinoidok el\u0151nyeit.<\/p>\n\n\n\n<figure class=\"wp-block-embed is-type-video is-provider-youtube wp-block-embed-youtube wp-embed-aspect-16-9 wp-has-aspect-ratio\"><div class=\"wp-block-embed__wrapper\">\n<iframe loading=\"lazy\" title=\"Egyes\u00fclt \u00c1llamok: Joe Biden t\u00f6bb ezer amerikainak kegyelmezett, akiket marihu\u00e1na birtokl\u00e1s\u00e1\u00e9rt el\u00edt\u00e9ltek\" width=\"640\" height=\"360\" src=\"https:\/\/www.youtube.com\/embed\/EmSpSXaJnlY?feature=oembed\" frameborder=\"0\" allow=\"accelerometer; autoplay; clipboard-write; encrypted-media; gyroscope; picture-in-picture; web-share\" allowfullscreen><\/iframe>\n<\/div><\/figure>\n<div id=\"toc_container\" class=\"no_bullets\"><p class=\"toc_title\">Tartalom<\/p><ul class=\"toc_list\"><li><\/li><li><\/li><li><\/li><li><\/li><li><\/li><li><\/li><li><\/li><li><\/li><\/ul><\/div>","protected":false},"excerpt":{"rendered":"<p>Joe Biden \u00e9rkez\u00e9se az Egyes\u00fclt \u00c1llamok kannabisz- \u00e9s HHC-piac\u00e1ra: \u00faj rem\u00e9ny a fogyaszt\u00f3knak \u00e9s a v\u00e1llalkoz\u00f3knak A kannabisz- \u00e9s a kannabinoidpiac, mint a HHC, robban\u00e1sszer\u0171en n\u00f6vekedett az Egyes\u00fclt \u00c1llamokban az elm\u00falt \u00e9vekben. Egyre t\u00f6bb \u00e1llam legaliz\u00e1lja a rekre\u00e1ci\u00f3s vagy ter\u00e1pi\u00e1s felhaszn\u00e1l\u00e1st\u2026<\/p>","protected":false},"author":1,"featured_media":1955,"parent":0,"menu_order":0,"comment_status":"closed","ping_status":"closed","template":"page-nosidebar.php","meta":{"footnotes":""},"yoast_head":"<!-- This site is optimized with the Yoast SEO Premium plugin v21.0 (Yoast SEO v21.0) - https:\/\/yoast.com\/wordpress\/plugins\/seo\/ -->\n<title>Joe Biden et le march\u00e9 du Cannabis, HHC - Finale Coupe du Monde FIFA<\/title>\n<meta name=\"robots\" content=\"index, follow, max-snippet:-1, max-image-preview:large, max-video-preview:-1\" \/>\n<link rel=\"canonical\" href=\"https:\/\/parier-presidentielle.com\/hu\/joe-biden-cannabis-hhc\/\" \/>\n<meta property=\"og:locale\" content=\"hu_HU\" \/>\n<meta property=\"og:type\" content=\"article\" \/>\n<meta property=\"og:title\" content=\"Joe Biden et le march\u00e9 du Cannabis, HHC\" \/>\n<meta property=\"og:description\" content=\"L&#8217;arriv\u00e9e de Joe Biden sur le march\u00e9 du cannabis et de l&#8217;HHC aux \u00c9tats-Unis : Un nouvel espoir pour les consommateurs et les entrepreneurs Le march\u00e9 du cannabis et des cannabino\u00efdes comme HHC a connu une croissance explosive aux \u00c9tats-Unis ces derni\u00e8res ann\u00e9es . De plus en plus d&#8217;\u00c9tats l\u00e9galisent l&#8217;usage r\u00e9cr\u00e9atif ou th\u00e9rapeutique du ...\" \/>\n<meta property=\"og:url\" content=\"https:\/\/parier-presidentielle.com\/hu\/joe-biden-cannabis-hhc\/\" \/>\n<meta property=\"og:site_name\" content=\"Parier Pr\u00e9sidentielle\" \/>\n<meta property=\"article:modified_time\" content=\"2023-06-02T09:23:14+00:00\" \/>\n<meta property=\"og:image\" content=\"https:\/\/parier-presidentielle.com\/wp-content\/uploads\/2023\/03\/joe-biden-hhc-1-scaled.jpg\" \/>\n\t<meta property=\"og:image:width\" content=\"2560\" \/>\n\t<meta property=\"og:image:height\" content=\"1440\" \/>\n\t<meta property=\"og:image:type\" content=\"image\/jpeg\" \/>\n<meta name=\"twitter:card\" content=\"summary_large_image\" \/>\n<meta name=\"twitter:label1\" content=\"Est. reading time\" \/>\n\t<meta name=\"twitter:data1\" content=\"4 perc\" \/>\n<script type=\"application\/ld+json\" class=\"yoast-schema-graph\">{\"@context\":\"https:\/\/schema.org\",\"@graph\":[{\"@type\":\"WebPage\",\"@id\":\"https:\/\/parier-presidentielle.com\/joe-biden-cannabis-hhc\/\",\"url\":\"https:\/\/parier-presidentielle.com\/joe-biden-cannabis-hhc\/\",\"name\":\"Joe Biden et le march\u00e9 du Cannabis, HHC - Finale Coupe du Monde FIFA\",\"isPartOf\":{\"@id\":\"https:\/\/parier-presidentielle.com\/#website\"},\"datePublished\":\"2023-03-20T15:35:45+00:00\",\"dateModified\":\"2023-06-02T09:23:14+00:00\",\"breadcrumb\":{\"@id\":\"https:\/\/parier-presidentielle.com\/joe-biden-cannabis-hhc\/#breadcrumb\"},\"inLanguage\":\"hu\",\"potentialAction\":[{\"@type\":\"ReadAction\",\"target\":[\"https:\/\/parier-presidentielle.com\/joe-biden-cannabis-hhc\/\"]}]},{\"@type\":\"BreadcrumbList\",\"@id\":\"https:\/\/parier-presidentielle.com\/joe-biden-cannabis-hhc\/#breadcrumb\",\"itemListElement\":[{\"@type\":\"ListItem\",\"position\":1,\"name\":\"Accueil\",\"item\":\"https:\/\/parier-presidentielle.com\/\"},{\"@type\":\"ListItem\",\"position\":2,\"name\":\"Joe Biden et le march\u00e9 du Cannabis, HHC\"}]},{\"@type\":\"WebSite\",\"@id\":\"https:\/\/parier-presidentielle.com\/#website\",\"url\":\"https:\/\/parier-presidentielle.com\/\",\"name\":\"Parier Pr\u00e9sidentielle\",\"description\":\"Paris, Pronostics, Wiki sur la Politique, les Elections Am\u00e9ricaines: Joe Biden, Donald Trump avec les Bookmakers en ligne Unibet, Bwin, Betclic, Winamax\",\"potentialAction\":[{\"@type\":\"SearchAction\",\"target\":{\"@type\":\"EntryPoint\",\"urlTemplate\":\"https:\/\/parier-presidentielle.com\/?s={search_term_string}\"},\"query-input\":\"required name=search_term_string\"}],\"inLanguage\":\"hu\"}]}<\/script>\n<!-- \/ Yoast SEO Premium plugin. -->","yoast_head_json":{"title":"Joe Biden et le march\u00e9 du Cannabis, HHC - Finale Coupe du Monde FIFA","robots":{"index":"index","follow":"follow","max-snippet":"max-snippet:-1","max-image-preview":"max-image-preview:large","max-video-preview":"max-video-preview:-1"},"canonical":"https:\/\/parier-presidentielle.com\/hu\/joe-biden-cannabis-hhc\/","og_locale":"hu_HU","og_type":"article","og_title":"Joe Biden et le march\u00e9 du Cannabis, HHC","og_description":"L&#8217;arriv\u00e9e de Joe Biden sur le march\u00e9 du cannabis et de l&#8217;HHC aux \u00c9tats-Unis : Un nouvel espoir pour les consommateurs et les entrepreneurs Le march\u00e9 du cannabis et des cannabino\u00efdes comme HHC a connu une croissance explosive aux \u00c9tats-Unis ces derni\u00e8res ann\u00e9es . De plus en plus d&#8217;\u00c9tats l\u00e9galisent l&#8217;usage r\u00e9cr\u00e9atif ou th\u00e9rapeutique du ...","og_url":"https:\/\/parier-presidentielle.com\/hu\/joe-biden-cannabis-hhc\/","og_site_name":"Parier Pr\u00e9sidentielle","article_modified_time":"2023-06-02T09:23:14+00:00","og_image":[{"width":2560,"height":1440,"url":"https:\/\/parier-presidentielle.com\/wp-content\/uploads\/2023\/03\/joe-biden-hhc-1-scaled.jpg","type":"image\/jpeg"}],"twitter_card":"summary_large_image","twitter_misc":{"Est. reading time":"4 perc"},"schema":{"@context":"https:\/\/schema.org","@graph":[{"@type":"WebPage","@id":"https:\/\/parier-presidentielle.com\/joe-biden-cannabis-hhc\/","url":"https:\/\/parier-presidentielle.com\/joe-biden-cannabis-hhc\/","name":"Joe Biden et le march\u00e9 du Cannabis, HHC - Finale Coupe du Monde FIFA","isPartOf":{"@id":"https:\/\/parier-presidentielle.com\/#website"},"datePublished":"2023-03-20T15:35:45+00:00","dateModified":"2023-06-02T09:23:14+00:00","breadcrumb":{"@id":"https:\/\/parier-presidentielle.com\/joe-biden-cannabis-hhc\/#breadcrumb"},"inLanguage":"hu","potentialAction":[{"@type":"ReadAction","target":["https:\/\/parier-presidentielle.com\/joe-biden-cannabis-hhc\/"]}]},{"@type":"BreadcrumbList","@id":"https:\/\/parier-presidentielle.com\/joe-biden-cannabis-hhc\/#breadcrumb","itemListElement":[{"@type":"ListItem","position":1,"name":"Accueil","item":"https:\/\/parier-presidentielle.com\/"},{"@type":"ListItem","position":2,"name":"Joe Biden et le march\u00e9 du Cannabis, HHC"}]},{"@type":"WebSite","@id":"https:\/\/parier-presidentielle.com\/#website","url":"https:\/\/parier-presidentielle.com\/","name":"Parier Pr\u00e9sidentielle","description":"Paris, Pronostics, Wiki sur la Politique, les Elections Am\u00e9ricaines: Joe Biden, Donald Trump avec les Bookmakers en ligne Unibet, Bwin, Betclic, Winamax","potentialAction":[{"@type":"SearchAction","target":{"@type":"EntryPoint","urlTemplate":"https:\/\/parier-presidentielle.com\/?s={search_term_string}"},"query-input":"required name=search_term_string"}],"inLanguage":"hu"}]}},"_links":{"self":[{"href":"https:\/\/parier-presidentielle.com\/hu\/wp-json\/wp\/v2\/pages\/1946"}],"collection":[{"href":"https:\/\/parier-presidentielle.com\/hu\/wp-json\/wp\/v2\/pages"}],"about":[{"href":"https:\/\/parier-presidentielle.com\/hu\/wp-json\/wp\/v2\/types\/page"}],"author":[{"embeddable":true,"href":"https:\/\/parier-presidentielle.com\/hu\/wp-json\/wp\/v2\/users\/1"}],"replies":[{"embeddable":true,"href":"https:\/\/parier-presidentielle.com\/hu\/wp-json\/wp\/v2\/comments?post=1946"}],"version-history":[{"count":5,"href":"https:\/\/parier-presidentielle.com\/hu\/wp-json\/wp\/v2\/pages\/1946\/revisions"}],"predecessor-version":[{"id":2000,"href":"https:\/\/parier-presidentielle.com\/hu\/wp-json\/wp\/v2\/pages\/1946\/revisions\/2000"}],"wp:featuredmedia":[{"embeddable":true,"href":"https:\/\/parier-presidentielle.com\/hu\/wp-json\/wp\/v2\/media\/1955"}],"wp:attachment":[{"href":"https:\/\/parier-presidentielle.com\/hu\/wp-json\/wp\/v2\/media?parent=1946"}],"curies":[{"name":"wp","href":"https:\/\/api.w.org\/{rel}","templated":true}]}}