{"id":212,"date":"2021-09-14T13:02:49","date_gmt":"2021-09-14T11:02:49","guid":{"rendered":"https:\/\/parier-presidentielle.com\/?page_id=212"},"modified":"2021-09-14T15:59:08","modified_gmt":"2021-09-14T13:59:08","slug":"melenchon-election","status":"publish","type":"page","link":"https:\/\/parier-presidentielle.com\/tr\/melenchon-secim\/","title":{"rendered":"Jean-Luc M\u00e9lenchon&#039;un se\u00e7ilmesi \u00fczerine bahis"},"content":{"rendered":"<h2 class=\"wp-block-heading\" id=\"block-f005be1c-8637-4455-a388-e82bafcaf460\"><span id=\"cote-et-pronostics-pour-le-candidat-jean-luc-melenchon-paris-en-ligne-sur-la-politique-et-le-futur-president-de-la-france-de-2022\">Aday Jean-Luc M\u00e9lenchon i\u00e7in oranlar ve tahminler:<br>2022&#039;de siyaset ve Fransa&#039;n\u0131n gelecekteki cumhurba\u015fkan\u0131 \u00fczerine \u00e7evrimi\u00e7i bahisler<\/span><\/h2>\n\n\n\n<p><\/p>\n\n\n\n<p><\/p>\n\n\n\n<p>Jean-Luc M\u00e9lenchon (fr. Jean-Luc M\u00e9lenchon, IPA (fr.):; B., Tangier) \u2013 Frans\u0131z solcu devlet adam\u0131 ve politikac\u0131, gazeteci. 2000&#039;den 2002&#039;ye kadar Lionel Jospin h\u00fck\u00fcmetinde Mesleki E\u011fitim Bakan\u0131. Fransa Senatosu&#039;nun Eson b\u00f6l\u00fcm\u00fcnden \u00fcyesi (1986-2000; 2004-2010). 2009&#039;dan 2017&#039;ye kadar Avrupa Parlamentosu \u00fcyesi (Avrupa Birle\u015fik Sol Grubu \/ Sol-Kuzey Ye\u015fil). \u201cSol Parti\u201dnin kurucular\u0131ndan ve ba\u015fkanlar\u0131ndan biri. 2017&#039;den beri - \u201cYenilmez Fransa\u201d partisinin Frans\u0131z Ulusal Meclisi \u00fcyesi.<\/p>\n\n\n\n<h2 class=\"wp-block-heading\"><span id=\"biographie-de-jean-luc-melenchon\">Jean-Luc Melenchon&#039;un Biyografisi<\/span><\/h2>\n\n\n\n<p><br>Tangier&#039;de (Tangier Uluslararas\u0131 B\u00f6lgesi, bug\u00fcn Fas) do\u011fdu. Ebeveynler memurdur. 1962 y\u0131l\u0131nda annesiyle birlikte Fransa&#039;ya ta\u015f\u0131nd\u0131. Felsefe e\u011fitimi ald\u0131 ve Franche-Comt\u00e9 \u00dcniversitesi&#039;nde okudu. Ortaokullarda \u00f6\u011fretmenlik yapt\u0131. \u00c7ok erken ya\u015flarda radikal sol gen\u00e7lik hareketine dahil oldu, Frans\u0131z \u00d6\u011frenciler Ulusal Birli\u011fi&#039;nin bir \u00fcyesiydi ve 1968&#039;deki K\u0131z\u0131l May\u0131s g\u00f6sterilerine kat\u0131ld\u0131. Frans\u0131z Tro\u00e7kist hareketi i\u00e7inde M\u00e9lanchon, Pierre Lambert&#039;in takip\u00e7ileri olan Lambertistlere kat\u0131ld\u0131. Uluslararas\u0131 Kom\u00fcnist \u00d6rg\u00fct\u00fc. Besan\u00e7on&#039;da sendika \u00e7al\u0131\u015fmalar\u0131na kat\u0131l\u0131m.<\/p>\n\n\n\n<p>Ancak 1977&#039;de Tro\u00e7kistlerden koparak Fransa Sosyalist Partisi&#039;ne kat\u0131ld\u0131. Fransa Cumhurba\u015fkan\u0131 Fran\u00e7ois Mitterrand&#039;\u0131 aktif olarak destekledi. Jean-Luc Melanchon, 1988&#039;den bu yana Sosyalist Parti Ulusal Konseyi&#039;ne ve Ulusal Ofisi&#039;ne se\u00e7iliyor. Benzer d\u00fc\u015f\u00fcnen insanlarla birlikte \u201cSosyalist Sol\u201du (Sosyalist Parti saflar\u0131ndaki anti-kapitalist hareket) \u00f6rg\u00fctledi. 2000-2002 y\u0131llar\u0131 aras\u0131nda sosyalist Lionel Jospin h\u00fck\u00fcmetinde Mesleki E\u011fitimden Sorumlu Bakan Delegesi olarak g\u00f6rev yapt\u0131. Eson b\u00f6l\u00fcm\u00fcn\u00fcn senat\u00f6r\u00fcyd\u00fc (1986-2000 ve 2004-2010). Ayr\u0131ca Eson b\u00f6l\u00fcm\u00fcnde belediye d\u00fczeyinde \u00e7al\u0131\u015ft\u0131.<\/p>\n\n\n\n<p>Avrupa Birli\u011fi Anayasas\u0131&#039;n\u0131n kabul\u00fcne ili\u015fkin referandumun bir par\u00e7as\u0131 olarak, Sosyalist Parti&#039;nin i\u00e7 sol ak\u0131mlar\u0131 ve di\u011fer solcularla birlikte \u00f6rg\u00fct, anayasan\u0131n onaylanmas\u0131na kar\u015f\u0131 \u00e7\u0131karken, parti liderli\u011fi onaylanmas\u0131n\u0131 savundu. Solcu politikac\u0131lar\u0131n neoliberal AB Anayasas\u0131 olarak g\u00f6rd\u00fckleri \u015feye kar\u015f\u0131 y\u00fcr\u00fct\u00fclen kampanyada yer almak Melanchon&#039;u Frans\u0131z Kom\u00fcnist Partisine ve Tro\u00e7kistlere yakla\u015ft\u0131rd\u0131.<\/p>\n\n\n\n<p>2008&#039;de, sosyal liberal gidi\u015fat\u0131 ve sol g\u00f6r\u00fc\u015flerden ayr\u0131l\u0131\u015f\u0131 nedeniyle ele\u015ftirdi\u011fi liderli\u011fiyle (S\u00e9gol\u00e8ne Royal dahil) ya\u015fad\u0131\u011f\u0131 \u00e7eli\u015fkiler nedeniyle Sosyalist Parti&#039;den ayr\u0131ld\u0131. \u201cSol Parti\u201dnin (Alman \u201csollar\u0131\u201d modelinde, Jean Jaur\u00e8s&#039;in fikirlerine at\u0131fta bulunarak) yarat\u0131lmas\u0131na \u00f6nayak oldu; ilk ba\u015fkan\u0131 oldu. Meslekta\u015f\u0131 Mark Dole da yarat\u0131l\u0131\u015f\u0131ndaki \u00e7al\u0131\u015fmalara kat\u0131ld\u0131. 2010 y\u0131l\u0131nda partiye, kendisi de partiden ayr\u0131lan Ye\u015filler Partisi&#039;nin i\u00e7 grubunun lideri Martin Billard e\u015f ba\u015fkanl\u0131k yapt\u0131. 2009 y\u0131l\u0131nda Avrupa Birle\u015fik Sol\/Sol-Ye\u015filler Kuzey grubu listesinde milletvekili se\u00e7ildi. Sol Parti, Sol Cephe koalisyonuna kat\u0131l\u0131yor; Melanchon e\u015f ba\u015fkanlar\u0131ndan biridir.<\/p>\n\n\n\n<h2 class=\"wp-block-heading\"><span id=\"participation-aux-elections-presidentielles-de-2012-de-jean-luc-melenchon\">Jean-Luc M\u00e9lenchon&#039;un 2012 ba\u015fkanl\u0131k se\u00e7imlerine kat\u0131l\u0131m<\/span><\/h2>\n\n\n\n<p><br>2012 ba\u015fkanl\u0131k se\u00e7imleri yakla\u015f\u0131rken, Frans\u0131z Kom\u00fcnist Partisi kendi aday\u0131n\u0131 ortaya koyma niyetindeydi (b\u00fcy\u00fck olas\u0131l\u0131kla Alain Boquet). Ancak Jean-Luc Melanchon, 16-18 Haziran 2011 tarihleri aras\u0131nda ger\u00e7ekle\u015ftirilen kongresinde kongre \u00fcyelerinin oylar\u0131n\u0131n 59,12 %&#039;sini toplayarak aday g\u00f6sterildi (Sol Cephe&#039;ye mensup di\u011fer partilerin \u00fcyeleri de kat\u0131ld\u0131) B\u00f6ylece bu ittifak\u0131n tek aday\u0131 oldu. 2012 y\u0131l\u0131nda se\u00e7imler \u00f6ncesinde yap\u0131lan anket sonu\u00e7lar\u0131na g\u00f6re Melanchon&#039;un notu 6&#039;ya 15 % idi. Cumhurba\u015fkanl\u0131\u011f\u0131 kampanyas\u0131 boyunca baz\u0131 anketlere g\u00f6re Melanchon&#039;a oy vermeye haz\u0131r se\u00e7menler aras\u0131nda be\u015finci s\u0131radan \u00fc\u00e7\u00fcnc\u00fc s\u0131raya y\u00fckselmeyi ba\u015fard\u0131 ve b\u00f6ylece Marine Le Pen ve Fran\u00e7ois Bayrou&#039;yu geride b\u0131rakt\u0131.<\/p>\n\n\n\n<p>Program\u0131n\u0131n ana \u00f6zelli\u011fi, Frans\u0131z anayasas\u0131n\u0131 de\u011fi\u015ftirerek &quot;Alt\u0131nc\u0131 Frans\u0131z Cumhuriyeti&quot;ni ilan etmesiydi. Konu\u015fmalar\u0131nda defalarca Frans\u0131z Devrimi ve Paris Kom\u00fcn\u00fc tarihine de\u011findi. Destek\u00e7ilerini bar\u0131\u015f\u00e7\u0131l bir \u201csivil\u201d devrime, i\u015f\u00e7i s\u0131n\u0131f\u0131n\u0131n de\u011fil, \u00fclkelerini destekleyen t\u00fcm vatanda\u015flar\u0131n \u00f6nderlik edece\u011fi bir darbeye \u00e7a\u011f\u0131rd\u0131.<\/p>\n\n\n\n<p>\u0130lk tur sonu\u00e7lar\u0131na g\u00f6re M\u00e9lanchon 3.985.089 oy (toplam se\u00e7men say\u0131s\u0131n\u0131n 11,1 %&#039;si) alarak d\u00f6rd\u00fcnc\u00fc s\u0131rada yer ald\u0131. Bu, 2007&#039;deki Kom\u00fcnist Parti aday\u0131 Marie-Georges Buffet&#039;tan \u00e7ok daha fazla (sonucu 1.93% oydu).<\/p>\n\n\n\n<p>\u0130kinci turda Melanchon, Fran\u00e7ois Hollande ile ya\u015fad\u0131\u011f\u0131 \u00e7eli\u015fkiler nedeniyle 2008 y\u0131l\u0131nda Sosyalist Parti&#039;den ayr\u0131lmas\u0131na ra\u011fmen adayl\u0131\u011f\u0131n\u0131 destekledi. 6 May\u0131s 2012&#039;de Hollande Fransa Cumhurba\u015fkan\u0131 se\u00e7ildi.<\/p>\n\n\n\n<p>Di\u011fer aktiviteler<br>Ulusal Cephe lideri Marine Le Pen&#039;i tutuklamak amac\u0131yla 2012 y\u0131l\u0131nda &quot;Sol Cephe&quot; listesinde yer alan Pas-de-Calais b\u00f6lgesinin 11. se\u00e7im b\u00f6lgesinden Fransa Ulusal Meclisi&#039;ne \u00fcye olmaya \u00e7al\u0131\u015ft\u0131. oraya ko\u015fuyorum. Ancak se\u00e7imlerin ilk turunda 21,48 % oy alarak hem Marine Le Pen&#039;e (42,36 % oy) hem de Philippe&#039;e yenilerek \u00fc\u00e7\u00fcnc\u00fc s\u0131rada yer ald\u0131.<\/p>\n\n\n\n<p><\/p>\n\n\n\n<p>Sosyalist aday Kemel (23.5% oyu). B\u00f6ylece Melanchon milletvekilli\u011fi i\u00e7in yar\u0131\u015fma hakk\u0131n\u0131 elde edemedi.<\/p>\n\n\n\n<h2 class=\"wp-block-heading\"><span id=\"participation-a-l8217election-presidentielle-de-2017-de-jean-luc-melenchon\">Jean-Luc M\u00e9lenchon&#039;un 2017 ba\u015fkanl\u0131k se\u00e7imlerine kat\u0131l\u0131m<\/span><\/h2>\n\n\n\n<p><br>\u015eubat 2016&#039;da Melanchon, 2017 ba\u015fkanl\u0131k kampanyas\u0131na kat\u0131lma niyetini a\u00e7\u0131klad\u0131 ve Sosyalist Parti taraf\u0131ndan d\u00fczenlenen &quot;sol \u00f6n se\u00e7imlere&quot; kat\u0131lmay\u0131 reddederek, ayn\u0131 zamanda olu\u015fturulan &quot;Yenilmez Fransa&quot; hareketine aday oldu. Program\u0131, birka\u00e7 de\u011fi\u015fiklikle birlikte 2012&#039;deki tezlerine dayan\u0131yordu: Alt\u0131nc\u0131 Cumhuriyet&#039;in kurulmas\u0131 (yani yeni bir Anayasan\u0131n kabul edilmesi), servetin yeniden da\u011f\u0131t\u0131lmas\u0131 (fazla gelire ek gelir vergisi getirilmesi veya gelir vergisinin azalt\u0131lmas\u0131). haftal\u0131k \u00e7al\u0131\u015fma s\u00fcresinin 32 saate indirilmesi), emeklilik ya\u015f\u0131n\u0131n 60&#039;a d\u00fc\u015f\u00fcr\u00fclmesi, Fransa&#039;n\u0131n Avrupa Birli\u011fi ve NATO&#039;dan \u00e7\u0131kmas\u0131. Melanchon g\u00f6r\u00fc\u015flerini 200.000 kopya halinde da\u011f\u0131t\u0131lan \u201cL&#039;avenir en commun\u201d (\u201cOrtak Gelecek\u201d) kitab\u0131nda form\u00fcle etti.<\/p>\n\n\n\n<p>Le Figaro&#039;ya g\u00f6re, Melanchon&#039;un b\u00fct\u00e7e harcamalar\u0131nda 270 milyar avroluk art\u0131\u015f ve 120 milyar avroluk vergi art\u0131\u015f\u0131 \u00f6ng\u00f6ren program\u0131, y\u0131ll\u0131k \u00fccretli izinlerin de alt\u0131 haftaya \u00e7\u0131kar\u0131lmas\u0131n\u0131 (2017&#039;deki s\u00fcresi be\u015f hafta) \u00f6ng\u00f6r\u00fcyor. Y\u0131ll\u0131k 400 bin avroyu a\u015fan t\u00fcm gelirlere el konulmas\u0131 gibi, eski Venez\u00fcella Devlet Ba\u015fkan\u0131 Hugo Chavez gibi politikac\u0131lar\u0131n fikirlerinden esinlenildi.<\/p>\n\n\n\n<p>4 Nisan 2017&#039;de, Fransa&#039;da on bir cumhurba\u015fkan\u0131 aday\u0131n\u0131n tamam\u0131n\u0131n kat\u0131l\u0131m\u0131yla televizyonda yay\u0131nlanan bir tart\u0131\u015fma d\u00fczenlendi; bu tart\u0131\u015fman\u0131n galibi sansasyonel bir \u015fekilde Melanchon&#039;du; konu\u015fmas\u0131, r\u00f6portaj yap\u0131lanlar aras\u0131nda 25% taraf\u0131ndan en ikna edici olarak kabul edildi (Macron, 21%&#039;den destek ald\u0131, Fillon-15%). \u00dcstelik tart\u0131\u015fman\u0131n ard\u0131ndan yap\u0131lan sosyolojik \u00e7al\u0131\u015fman\u0131n sonu\u00e7lar\u0131na g\u00f6re, 21% deste\u011fiyle M\u00e9lanchon, ilk tur se\u00e7imlerin en muhtemel kazananlar\u0131 aras\u0131nda Macron&#039;un (27%) ard\u0131ndan ve Fillon&#039;un (20%) \u00f6n\u00fcnde ikinci s\u0131rada yer ald\u0131.<\/p>\n\n\n\n<p>Nisan 2017&#039;de Nantes, Clermont-Ferrand, Montpellier, Grenoble, Nancy ve La R\u00e9union&#039;daki mitinglerde en son se\u00e7im kampanyas\u0131 teknolojilerini (web radyosu ve hatta kendi holografik g\u00f6r\u00fcnt\u00fclerini) kullanarak bir isim yapt\u0131.<\/p>\n\n\n\n<p>20 Nisan 2017&#039;de, Amerikan k\u00fclt\u00fcr\u00fcn\u00fcn \u00f6nde gelen isimlerinden Danny Glover, filozof Noam Chomsky, oyun yazar\u0131 ve feminist Eve Ensler, akt\u00f6r Mark Ruffalo, Nancy Fraser ve Oliver Stone, Frans\u0131zlar\u0131 &quot;Clinton&#039;\u0131 tekrarlamamaya&quot; \u00e7a\u011f\u0131ran bir dilek\u00e7e yay\u0131nlad\u0131lar. Trump trajedisine kar\u015f\u0131\u201d, yani \u201cFrans\u0131z se\u00e7menlerini kurumsal d\u00fczenin liberalizmi ile yabanc\u0131 d\u00fc\u015fman\u0131 sa\u011fc\u0131 pop\u00fclizm aras\u0131nda se\u00e7im yapmaya zorlamay\u0131n\u201d, bunun yerine \u201ccumhurba\u015fkanl\u0131\u011f\u0131 se\u00e7imlerinin ilk turunda solcu aday\u0131n etraf\u0131nda birle\u015fin\u201d anlam\u0131na geliyor. en fazla se\u00e7men deste\u011fi. Dilek\u00e7enin yazarlar\u0131 bu adaya Melanchon ad\u0131n\u0131 da verdi.<\/p>\n\n\n\n<p>23 Nisan 2017 tarihinde yap\u0131lan ilk tur oylamada 19,58 % se\u00e7meninin (7.060.885 ki\u015fi) deste\u011fini alarak 11 aday aras\u0131nda d\u00f6rd\u00fcnc\u00fc s\u0131rada yer alarak ikinci tura \u00e7\u0131kamad\u0131. En iyi sonu\u00e7lar\u0131n M\u00e9lenchon&#039;un deniza\u015f\u0131r\u0131 b\u00f6lgelerdeki sonu\u00e7lar\u0131 oldu\u011fu ortaya \u00e7\u0131kt\u0131: Reunion&#039;da (24,53 %), Guyana&#039;da (24,7 %), Saint-Pierre ve Miquelon&#039;da (ilk turun galibi i\u00e7in 17,9 %&#039;ye kar\u015f\u0131 35&#039;ten fazla %) kazand\u0131 ulusal \u00f6l\u00e7ekte \u2013 Emmanuel Macron) ve Martinik (27.3%).<\/p>\n\n\n\n<p>Di\u011fer faaliyetler (2017&#039;den beri)<br>Fransa&#039;daki parlamento se\u00e7imlerinde partisi 577 sandalyenin 17&#039;sini kazanarak milletvekili say\u0131s\u0131nda d\u00f6rd\u00fcnc\u00fc oldu. Kendisi Marsilya&#039;n\u0131n kom\u00fcnlerinden birinin milletvekili se\u00e7ildi.<\/p>\n\n\n\n<p>16 Ekim 2018&#039;de, parlamento asistanlar\u0131n\u0131n hayali olarak i\u015fe al\u0131nd\u0131\u011f\u0131 ve kampanya finansman kurallar\u0131n\u0131n ihlal edildi\u011fi y\u00f6n\u00fcndeki su\u00e7lamalara ili\u015fkin soru\u015fturma kapsam\u0131nda M\u00e9lenchon yak\u0131n\u0131ndaki ev ve &quot;Yenilmez Fransa&quot;n\u0131n \u00e7e\u015fitli binalar\u0131 arand\u0131; bu s\u0131rada aktivistler aras\u0131nda \u00e7at\u0131\u015fmalar ya\u015fand\u0131. ve kolluk g\u00f6revlileri. 20 Eyl\u00fcl 2019&#039;da Bobigny mahkemesi, Melanchon&#039;u adaleti engellemek ve isyan\u0131 engellemek su\u00e7undan \u00fc\u00e7 ay ertelenmi\u015f hapis ve 8 bin avro para cezas\u0131na mahkum etti; di\u011fer be\u015f san\u0131k ise 2 bin ila 10 bin avro aras\u0131nda para cezas\u0131na \u00e7arpt\u0131r\u0131ld\u0131 (yarg\u0131lama devam etti). iki g\u00fcn - 19 ve 20 Eyl\u00fcl ve Melanchon bunu hemen siyasi zul\u00fcm olarak nitelendirdi).<\/p>\n\n\n\n<p><\/p>\n\n\n\n<p class=\"has-text-align-center unibet\" style=\"font-size:25px\"><mark style=\"background-color:rgba(0, 0, 0, 0);color:#0d7a12\" class=\"has-inline-color\"><strong><a href=\"https:\/\/parier-presidentielle.com\/tr\/recommends\/unibet\/\">Unibet ile sunulan 150 \u20ac Bonus<br>1. Politik veya Spor Bahsiniz i\u00e7in: Buraya t\u0131klay\u0131n<\/a><\/strong><\/mark><\/p>\n\n\n\n<p><\/p>\n\n\n<div class=\"wp-block-image\">\n<figure class=\"aligncenter is-resized wp-duotone-000097-ff4747-1\"><img decoding=\"async\" loading=\"lazy\" src=\"https:\/\/parier-presidentielle.com\/wp-content\/uploads\/2021\/09\/election-standard-scale-4_00x-gigapixel-1024x623.jpg\" alt=\"Se\u00e7im 2022\" style=\"width:256px;height:156px\" width=\"256\" height=\"156\"\/><\/figure><\/div>\n\n\n<p><br><\/p>\n\n\n\n<p><strong>Parier-presidentielle, farkl\u0131 se\u00e7enekler aras\u0131nda se\u00e7im yapman\u0131za yard\u0131mc\u0131 olur.<a href=\"https:\/\/parier-presidentielle.com\/tr\/\"> Bahis\u00e7iler Bwin, Unibet, Betclic 2024&#039;te Gelece\u011fin Amerikan Ba\u015fkan\u0131na Bahis Yapacak<\/a> : <\/strong><br><a href=\"https:\/\/parier-presidentielle.com\/tr\/unibet-policy-secim-2022\/\">Unibet Cumhurba\u015fkanl\u0131\u011f\u0131 Bahis\u00e7isi<\/a> : T\u00fcm oranlarla \u00e7evrimi\u00e7i ilk bahsinizi yapmak ve sunulan Bonustan nas\u0131l yararlanaca\u011f\u0131n\u0131z konusunda ayr\u0131nt\u0131l\u0131 ve \u00fccretsiz rehber!<\/p>\n\n\n\n<p>Di\u011fer \u00e7evrimi\u00e7i bahis sitelerinin yan\u0131 s\u0131ra: <a href=\"https:\/\/parier-presidentielle.com\/tr\/unibet-policy-secim-2022\/\">Bwin<\/a>, <a href=\"https:\/\/parier-presidentielle.com\/tr\/netbet-paris-politika-secim-2022\/\">NetBet<\/a>, <a href=\"https:\/\/parier-presidentielle.com\/tr\/betclic-baskanlik-2022\/\">Betclic<\/a>, <a href=\"https:\/\/parier-presidentielle.com\/tr\/winamax-policy-secim-2022\/\">Winamax<\/a>, Parions Sport, Zebet, Betway, France-Pari, Vbet, Cloudbet, 1Xbit, 1xbet, Betfair, Betwinner\u2026<\/p>\n\n\n\n<div class=\"wp-block-columns is-layout-flex wp-container-6 wp-block-columns-is-layout-flex\">\n<div class=\"wp-block-column is-layout-flow wp-block-column-is-layout-flow\" style=\"flex-basis:33.33%\">\n<p>Dosyam\u0131z\u0131 okudunuz:<\/p>\n<\/div>\n\n\n\n<div class=\"wp-block-column is-layout-flow wp-block-column-is-layout-flow\" style=\"flex-basis:33.33%\">\n<div class=\"wp-block-group is-layout-flow wp-block-group-is-layout-flow\"><div class=\"wp-block-group__inner-container\"><h4 class=\"has-text-align-center wp-block-post-title\"><span id=\"parier-sur-lelection-de-jean-luc-melenchon\"><a href=\"https:\/\/parier-presidentielle.com\/tr\/melenchon-secim\/\" target=\"_self\" >Jean-Luc M\u00e9lenchon&#039;un se\u00e7ilmesi \u00fczerine bahis<\/a><\/span><\/h4><\/div><\/div>\n<\/div>\n\n\n\n<div class=\"wp-block-column is-layout-flow wp-block-column-is-layout-flow\" style=\"flex-basis:33.33%\">\n<p class=\"has-text-align-right\">Di\u011fer \u00f6zel dosyalar\u0131m\u0131zla okumaya devam edin,<\/p>\n<\/div>\n<\/div>\n\n\n\n<h3 class=\"wp-block-heading\" id=\"tous-les-pronostics-sondage-et-cotes-pour-parier-sur-le-futur-vainqueur-de-l-election-presidentielle-2022\"><span id=\"tous-les-pronostics-sondage-et-cotes-pour-parier-sur-le-futur-vainqueur-de-l8217election-presidentielle-2024\">2024 Cumhurba\u015fkanl\u0131\u011f\u0131 se\u00e7iminin gelecekteki kazanan\u0131na dair bahis yap\u0131labilecek t\u00fcm Tahminler, Anketler ve Oranlar:<\/span><\/h3>\n\n\n\n<ul>\n<li><a href=\"https:\/\/parier-presidentielle.com\/tr\/macron-secim\/\">Unibet, Betclic, Bwin ile Emmanuel Macron&#039;a bahis yap\u0131n<\/a> : Anketlerin ve tahminlerin favorisi <\/li>\n\n\n\n<li><a href=\"https:\/\/parier-presidentielle.com\/tr\/marine-le-pen-secim\/\">Marine Le Pen: Oranlar\u0131 ve Bahis\u00e7iler ile nas\u0131l bahis oynan\u0131r<\/a>: Unibet&#039;e g\u00f6re meydan okuyan<\/li>\n<\/ul>\n\n\n\n<p><\/p>\n\n\n\n<center><script type=\"text\/javascript\" charset=\"utf-8\" src=\"https:\/\/www.gambling-affiliation.com\/cpm\/v=AmIMTDSs92QY6b0MzDMvM5laCjJ-ZlA-1oQ-7tKsi.w_GA7331V2\"><\/script><\/center>\n\n\n\n<h3 class=\"wp-block-heading\"><span id=\"donald-trump-vs-joe-biden-la-video-qui-lance-les-paris-en-ligne-sur-l8217election-politique-de-2024\">Donald Trump vs Joe Biden: 2024 siyasi se\u00e7imlerinde \u00e7evrimi\u00e7i bahis oynamay\u0131 ba\u015flatan video<\/span><\/h3>\n\n\n\n<figure class=\"wp-block-embed is-type-video is-provider-youtube wp-block-embed-youtube wp-embed-aspect-16-9 wp-has-aspect-ratio\"><div class=\"wp-block-embed__wrapper\">\n<iframe loading=\"lazy\" title=\"Eski Ba\u015fkan Donald Trump, 2024 Beyaz Saray teklifini ba\u015flatt\u0131 #Short\" width=\"640\" height=\"360\" src=\"https:\/\/www.youtube.com\/embed\/hZykPRVe4Ag?feature=oembed\" frameborder=\"0\" allow=\"accelerometer; autoplay; clipboard-write; encrypted-media; gyroscope; picture-in-picture; web-share\" allowfullscreen><\/iframe>\n<\/div><\/figure>\n\n\n<div class=\"wp-block-image\">\n<figure class=\"aligncenter size-medium\"><a href=\"https:\/\/parier-presidentielle.com\/tr\/recommends\/unibet\/\" target=\"_blank\" rel=\"noopener\"><img decoding=\"async\" loading=\"lazy\" width=\"300\" height=\"169\" src=\"https:\/\/parier-presidentielle.com\/wp-content\/uploads\/2022\/04\/unibet-300x169.jpg\" alt=\"\" class=\"wp-image-1252\" srcset=\"https:\/\/parier-presidentielle.com\/wp-content\/uploads\/2022\/04\/unibet-300x169.jpg 300w, https:\/\/parier-presidentielle.com\/wp-content\/uploads\/2022\/04\/unibet-1024x576.jpg 1024w, https:\/\/parier-presidentielle.com\/wp-content\/uploads\/2022\/04\/unibet-768x432.jpg 768w, https:\/\/parier-presidentielle.com\/wp-content\/uploads\/2022\/04\/unibet-18x10.jpg 18w, https:\/\/parier-presidentielle.com\/wp-content\/uploads\/2022\/04\/unibet.jpg 1280w\" sizes=\"(max-width: 300px) 100vw, 300px\" \/><\/a><\/figure><\/div>\n\n\n<p>Esrar ve yasal t\u00fcrevleriyle ilgili ana siyasi haber olan Wiki&#039;yi bulun: <strong>HHC, H4cbd, Thcp, Thcv, HSD, HHCPO, C4B<\/strong><\/p>\n<div id=\"toc_container\" class=\"no_bullets\"><p class=\"toc_title\">\u0130\u00e7indekiler<\/p><ul class=\"toc_list\"><li><\/li><li><\/li><li><\/li><li><ul><li><ul><li><\/li><\/ul><\/li><li><\/li><li><\/li><\/ul><\/li><\/ul><\/div>","protected":false},"excerpt":{"rendered":"<p>Aday Jean-Luc M\u00e9lenchon i\u00e7in oranlar ve tahminler: Politika ve 2022&#039;de Fransa&#039;n\u0131n gelecekteki ba\u015fkan\u0131 \u00fczerine \u00e7evrimi\u00e7i bahisler Jean-Luc M\u00e9lenchon (fr. Jean-Luc M\u00e9lenchon, IPA (fr.):; B., Tangier) \u2013 Frans\u0131z solu -kanat devlet adam\u0131 ve politikac\u0131, gazeteci. 2000 y\u0131l\u0131nda Lionel Jospin h\u00fck\u00fcmetinde Mesleki E\u011fitim Bakan\u0131\u2026<\/p>","protected":false},"author":1,"featured_media":0,"parent":0,"menu_order":0,"comment_status":"closed","ping_status":"closed","template":"page-nosidebar.php","meta":{"footnotes":""},"yoast_head":"<!-- This site is optimized with the Yoast SEO Premium plugin v21.0 (Yoast SEO v21.0) - https:\/\/yoast.com\/wordpress\/plugins\/seo\/ -->\n<title>Parier sur l\u2019\u00e9lection de Jean-Luc M\u00e9lenchon - Finale Coupe du Monde FIFA<\/title>\n<meta name=\"description\" content=\"Pariez sur M\u00e9lenchon pour l&#039;\u00e9lection 2022 : Cliquez Ici et Gagnez Gros! Pronostics ,Comparaison des Bookmakers et des meilleurs Cotes.\" \/>\n<meta name=\"robots\" content=\"index, follow, max-snippet:-1, max-image-preview:large, max-video-preview:-1\" \/>\n<link rel=\"canonical\" href=\"https:\/\/parier-presidentielle.com\/tr\/melenchon-secim\/\" \/>\n<meta property=\"og:locale\" content=\"tr_TR\" \/>\n<meta property=\"og:type\" content=\"article\" \/>\n<meta property=\"og:title\" content=\"Parier sur l\u2019\u00e9lection de Jean-Luc M\u00e9lenchon\" \/>\n<meta property=\"og:description\" content=\"Pariez sur M\u00e9lenchon pour l&#039;\u00e9lection 2022 : Cliquez Ici et Gagnez Gros! Pronostics ,Comparaison des Bookmakers et des meilleurs Cotes.\" \/>\n<meta property=\"og:url\" content=\"https:\/\/parier-presidentielle.com\/tr\/melenchon-secim\/\" \/>\n<meta property=\"og:site_name\" content=\"Parier Pr\u00e9sidentielle\" \/>\n<meta property=\"article:modified_time\" content=\"2021-09-14T13:59:08+00:00\" \/>\n<meta name=\"twitter:card\" content=\"summary_large_image\" \/>\n<meta name=\"twitter:label1\" content=\"Est. reading time\" \/>\n\t<meta name=\"twitter:data1\" content=\"7 dakika\" \/>\n<script type=\"application\/ld+json\" class=\"yoast-schema-graph\">{\"@context\":\"https:\/\/schema.org\",\"@graph\":[{\"@type\":\"WebPage\",\"@id\":\"https:\/\/parier-presidentielle.com\/melenchon-election\/\",\"url\":\"https:\/\/parier-presidentielle.com\/melenchon-election\/\",\"name\":\"Parier sur l\u2019\u00e9lection de Jean-Luc M\u00e9lenchon - Finale Coupe du Monde FIFA\",\"isPartOf\":{\"@id\":\"https:\/\/parier-presidentielle.com\/#website\"},\"datePublished\":\"2021-09-14T11:02:49+00:00\",\"dateModified\":\"2021-09-14T13:59:08+00:00\",\"description\":\"Pariez sur M\u00e9lenchon pour l'\u00e9lection 2022 : Cliquez Ici et Gagnez Gros! Pronostics ,Comparaison des Bookmakers et des meilleurs Cotes.\",\"breadcrumb\":{\"@id\":\"https:\/\/parier-presidentielle.com\/melenchon-election\/#breadcrumb\"},\"inLanguage\":\"tr\",\"potentialAction\":[{\"@type\":\"ReadAction\",\"target\":[\"https:\/\/parier-presidentielle.com\/melenchon-election\/\"]}]},{\"@type\":\"BreadcrumbList\",\"@id\":\"https:\/\/parier-presidentielle.com\/melenchon-election\/#breadcrumb\",\"itemListElement\":[{\"@type\":\"ListItem\",\"position\":1,\"name\":\"Accueil\",\"item\":\"https:\/\/parier-presidentielle.com\/\"},{\"@type\":\"ListItem\",\"position\":2,\"name\":\"Parier sur l\u2019\u00e9lection de Jean-Luc M\u00e9lenchon\"}]},{\"@type\":\"WebSite\",\"@id\":\"https:\/\/parier-presidentielle.com\/#website\",\"url\":\"https:\/\/parier-presidentielle.com\/\",\"name\":\"Parier Pr\u00e9sidentielle\",\"description\":\"Paris, Pronostics, Wiki sur la Politique, les Elections Am\u00e9ricaines: Joe Biden, Donald Trump avec les Bookmakers en ligne Unibet, Bwin, Betclic, Winamax\",\"potentialAction\":[{\"@type\":\"SearchAction\",\"target\":{\"@type\":\"EntryPoint\",\"urlTemplate\":\"https:\/\/parier-presidentielle.com\/?s={search_term_string}\"},\"query-input\":\"required name=search_term_string\"}],\"inLanguage\":\"tr\"}]}<\/script>\n<!-- \/ Yoast SEO Premium plugin. -->","yoast_head_json":{"title":"Parier sur l\u2019\u00e9lection de Jean-Luc M\u00e9lenchon - Finale Coupe du Monde FIFA","description":"Pariez sur M\u00e9lenchon pour l'\u00e9lection 2022 : Cliquez Ici et Gagnez Gros! Pronostics ,Comparaison des Bookmakers et des meilleurs Cotes.","robots":{"index":"index","follow":"follow","max-snippet":"max-snippet:-1","max-image-preview":"max-image-preview:large","max-video-preview":"max-video-preview:-1"},"canonical":"https:\/\/parier-presidentielle.com\/tr\/melenchon-secim\/","og_locale":"tr_TR","og_type":"article","og_title":"Parier sur l\u2019\u00e9lection de Jean-Luc M\u00e9lenchon","og_description":"Pariez sur M\u00e9lenchon pour l'\u00e9lection 2022 : Cliquez Ici et Gagnez Gros! Pronostics ,Comparaison des Bookmakers et des meilleurs Cotes.","og_url":"https:\/\/parier-presidentielle.com\/tr\/melenchon-secim\/","og_site_name":"Parier Pr\u00e9sidentielle","article_modified_time":"2021-09-14T13:59:08+00:00","twitter_card":"summary_large_image","twitter_misc":{"Est. reading time":"7 dakika"},"schema":{"@context":"https:\/\/schema.org","@graph":[{"@type":"WebPage","@id":"https:\/\/parier-presidentielle.com\/melenchon-election\/","url":"https:\/\/parier-presidentielle.com\/melenchon-election\/","name":"Parier sur l\u2019\u00e9lection de Jean-Luc M\u00e9lenchon - Finale Coupe du Monde FIFA","isPartOf":{"@id":"https:\/\/parier-presidentielle.com\/#website"},"datePublished":"2021-09-14T11:02:49+00:00","dateModified":"2021-09-14T13:59:08+00:00","description":"Pariez sur M\u00e9lenchon pour l'\u00e9lection 2022 : Cliquez Ici et Gagnez Gros! Pronostics ,Comparaison des Bookmakers et des meilleurs Cotes.","breadcrumb":{"@id":"https:\/\/parier-presidentielle.com\/melenchon-election\/#breadcrumb"},"inLanguage":"tr","potentialAction":[{"@type":"ReadAction","target":["https:\/\/parier-presidentielle.com\/melenchon-election\/"]}]},{"@type":"BreadcrumbList","@id":"https:\/\/parier-presidentielle.com\/melenchon-election\/#breadcrumb","itemListElement":[{"@type":"ListItem","position":1,"name":"Accueil","item":"https:\/\/parier-presidentielle.com\/"},{"@type":"ListItem","position":2,"name":"Parier sur l\u2019\u00e9lection de Jean-Luc M\u00e9lenchon"}]},{"@type":"WebSite","@id":"https:\/\/parier-presidentielle.com\/#website","url":"https:\/\/parier-presidentielle.com\/","name":"Parier Pr\u00e9sidentielle","description":"Paris, Pronostics, Wiki sur la Politique, les Elections Am\u00e9ricaines: Joe Biden, Donald Trump avec les Bookmakers en ligne Unibet, Bwin, Betclic, Winamax","potentialAction":[{"@type":"SearchAction","target":{"@type":"EntryPoint","urlTemplate":"https:\/\/parier-presidentielle.com\/?s={search_term_string}"},"query-input":"required name=search_term_string"}],"inLanguage":"tr"}]}},"_links":{"self":[{"href":"https:\/\/parier-presidentielle.com\/tr\/wp-json\/wp\/v2\/pages\/212"}],"collection":[{"href":"https:\/\/parier-presidentielle.com\/tr\/wp-json\/wp\/v2\/pages"}],"about":[{"href":"https:\/\/parier-presidentielle.com\/tr\/wp-json\/wp\/v2\/types\/page"}],"author":[{"embeddable":true,"href":"https:\/\/parier-presidentielle.com\/tr\/wp-json\/wp\/v2\/users\/1"}],"replies":[{"embeddable":true,"href":"https:\/\/parier-presidentielle.com\/tr\/wp-json\/wp\/v2\/comments?post=212"}],"version-history":[{"count":4,"href":"https:\/\/parier-presidentielle.com\/tr\/wp-json\/wp\/v2\/pages\/212\/revisions"}],"predecessor-version":[{"id":234,"href":"https:\/\/parier-presidentielle.com\/tr\/wp-json\/wp\/v2\/pages\/212\/revisions\/234"}],"wp:attachment":[{"href":"https:\/\/parier-presidentielle.com\/tr\/wp-json\/wp\/v2\/media?parent=212"}],"curies":[{"name":"wp","href":"https:\/\/api.w.org\/{rel}","templated":true}]}}